{"id":26,"date":"2014-11-14T02:49:14","date_gmt":"2014-11-14T00:49:14","guid":{"rendered":"http:\/\/fleck.web2.hosting.netlogix.de\/?page_id=26"},"modified":"2015-03-03T16:36:42","modified_gmt":"2015-03-03T14:36:42","slug":"ansprechpartner","status":"publish","type":"page","link":"https:\/\/www.fleck-ev.de\/?page_id=26","title":{"rendered":"Entstehung"},"content":{"rendered":"<p>Die Fl\u00fcchtlingsinitiative Eckental ist aus zwei &#8222;Runden Tischen&#8220; entstanden, zu denen die 1. B\u00fcrgermeisterin Ille D\u00f6lle im September und Oktober Vertreter aus Kirchen, Sozialverb\u00e4nden, Parteien und der Gesellschaft eingeladen hat. Hier wurde \u00fcberlegt, wie Eckental sich darauf vorbereiten kann, einer gr\u00f6\u00dferen Anzahl von Asylsuchenden eine (vor\u00fcbergehende) Bleibe in unserer Mitte zu bieten.\u00a0Mit dabei war auch eine Vertreterin der EFIE (Fl\u00fcchtlingsbetreuung In Erlangen E.V.), die von den bereits gemachten Erfahrungen in Erlangen berichtet hat.<\/p>\n<p>Aus dem Kreis der beiden\u00a0Runden Tische hat sich auf Bitte von Frau D\u00f6lle eine Arbeitsgruppe gebildet, die die Anregungen aus den Diskussionen und Erfahrungen von anderen Initiativen geb\u00fcndelt und auf Eckental \u00fcbertragen hat. Hier wurde jedoch nicht nur theoretisch \u00fcberlegt, sondern auch praktisch bei bereits angekommenen Familien mit angepackt.<\/p>\n<p>Das Ergebnis des Arbeitskreises war die Entscheidung und die Vorarbeit f\u00fcr die Gr\u00fcndung des Vereins &#8222;Fl\u00fcchtlingsinitiative Eckental FLEck e.V. Ein guter Platz zum Leben.&#8220; Durch die Gr\u00fcndung des Vereins sollte die Arbeit auf breite F\u00fc\u00dfe gestellt werden. Das Engagement vieler Menschen und Organisationen ist erforderlich, damit die Integration unserer neuen Mitb\u00fcrger gelingen kann.<\/p>\n<p>Am 15. Januar 2015 war es schlie\u00dflich so weit. Es wurde zur Gr\u00fcndungsversammlung ins Gasthaus Rotes Ross (Kr\u00e4mer) eingeladen. 162 Menschen kamen und f\u00fcllten die oberen R\u00e4ume. Nachdem die Satzung diskutiert wurde, kam es zum Beschluss der Gr\u00fcndung des Vereins.\u00a0 136 schrieben sich in die Listen ein und wurden Gr\u00fcndungsmitglieder von &#8222;FLEck e.V.&#8220;<\/p>\n<p>1. B\u00fcrgermeisterin Frau Ilse D\u00f6lle \u00fcbernahm die Schirmherrschaft f\u00fcr den Verein.<\/p>\n<p>&nbsp;<\/p>\n","protected":false},"excerpt":{"rendered":"<p>Die Fl\u00fcchtlingsinitiative Eckental ist aus zwei &#8222;Runden Tischen&#8220; entstanden, zu denen die 1. B\u00fcrgermeisterin Ille D\u00f6lle im September und Oktober Vertreter aus Kirchen, Sozialverb\u00e4nden, Parteien und der Gesellschaft eingeladen hat. Hier wurde \u00fcberlegt, wie Eckental sich darauf vorbereiten kann, einer gr\u00f6\u00dferen Anzahl von Asylsuchenden eine (vor\u00fcbergehende) Bleibe in unserer Mitte zu bieten.\u00a0Mit dabei war auch [&hellip;]<\/p>\n","protected":false},"author":1,"featured_media":0,"parent":23,"menu_order":2,"comment_status":"closed","ping_status":"open","template":"","meta":{"_mc_calendar":[],"footnotes":""},"class_list":["post-26","page","type-page","status-publish","hentry"],"_links":{"self":[{"href":"https:\/\/www.fleck-ev.de\/index.php?rest_route=\/wp\/v2\/pages\/26","targetHints":{"allow":["GET"]}}],"collection":[{"href":"https:\/\/www.fleck-ev.de\/index.php?rest_route=\/wp\/v2\/pages"}],"about":[{"href":"https:\/\/www.fleck-ev.de\/index.php?rest_route=\/wp\/v2\/types\/page"}],"author":[{"embeddable":true,"href":"https:\/\/www.fleck-ev.de\/index.php?rest_route=\/wp\/v2\/users\/1"}],"replies":[{"embeddable":true,"href":"https:\/\/www.fleck-ev.de\/index.php?rest_route=%2Fwp%2Fv2%2Fcomments&post=26"}],"version-history":[{"count":5,"href":"https:\/\/www.fleck-ev.de\/index.php?rest_route=\/wp\/v2\/pages\/26\/revisions"}],"predecessor-version":[{"id":596,"href":"https:\/\/www.fleck-ev.de\/index.php?rest_route=\/wp\/v2\/pages\/26\/revisions\/596"}],"up":[{"embeddable":true,"href":"https:\/\/www.fleck-ev.de\/index.php?rest_route=\/wp\/v2\/pages\/23"}],"wp:attachment":[{"href":"https:\/\/www.fleck-ev.de\/index.php?rest_route=%2Fwp%2Fv2%2Fmedia&parent=26"}],"curies":[{"name":"wp","href":"https:\/\/api.w.org\/{rel}","templated":true}]}}